{"id":70,"date":"2023-12-04T10:10:03","date_gmt":"2023-12-04T10:10:03","guid":{"rendered":"https:\/\/almealera.org\/?page_id=70"},"modified":"2024-04-16T22:16:42","modified_gmt":"2024-04-16T22:16:42","slug":"formacion","status":"publish","type":"page","link":"https:\/\/almealera.org\/index.php\/formacion\/","title":{"rendered":"Talleres y formaci\u00f3n"},"content":{"rendered":"\t\t<div data-elementor-type=\"wp-page\" data-elementor-id=\"70\" class=\"elementor elementor-70\" data-elementor-post-type=\"page\">\n\t\t\t\t\t\t\t<div class=\"elementor-element elementor-element-a4c9a98 e-con-full e-flex e-con e-parent\" data-id=\"a4c9a98\" data-element_type=\"container\" data-settings=\"{&quot;content_width&quot;:&quot;full&quot;,&quot;background_background&quot;:&quot;classic&quot;,&quot;background_motion_fx_motion_fx_scrolling&quot;:&quot;yes&quot;,&quot;background_motion_fx_devices&quot;:[&quot;desktop&quot;,&quot;tablet&quot;,&quot;mobile&quot;]}\" data-core-v316-plus=\"true\">\n\t\t<div class=\"elementor-element elementor-element-cf87bc7 e-con-full e-flex e-con e-child\" data-id=\"cf87bc7\" data-element_type=\"container\" data-settings=\"{&quot;content_width&quot;:&quot;full&quot;}\">\n\t\t\t\t<div class=\"elementor-element elementor-element-d1aeb97 elementor-widget elementor-widget-text-editor\" data-id=\"d1aeb97\" data-element_type=\"widget\" data-widget_type=\"text-editor.default\">\n\t\t\t\t<div class=\"elementor-widget-container\">\n\t\t\t<style>\/*! elementor - v3.17.0 - 08-11-2023 *\/\n.elementor-widget-text-editor.elementor-drop-cap-view-stacked .elementor-drop-cap{background-color:#69727d;color:#fff}.elementor-widget-text-editor.elementor-drop-cap-view-framed .elementor-drop-cap{color:#69727d;border:3px solid;background-color:transparent}.elementor-widget-text-editor:not(.elementor-drop-cap-view-default) .elementor-drop-cap{margin-top:8px}.elementor-widget-text-editor:not(.elementor-drop-cap-view-default) .elementor-drop-cap-letter{width:1em;height:1em}.elementor-widget-text-editor .elementor-drop-cap{float:left;text-align:center;line-height:1;font-size:50px}.elementor-widget-text-editor .elementor-drop-cap-letter{display:inline-block}<\/style>\t\t\t\t<p><span style=\"font-weight: 400;\">Hablamos de Teatro Aplicado y Teatro Social para referirnos a un abanico amplio de pr\u00e1cticas esc\u00e9nicas o art\u00edsticas que proponen procesos y creaciones no convencionales.\u00a0<\/span><\/p><p><span style=\"font-weight: 400;\">Establecen una relaci\u00f3n m\u00e1s inclusiva y cercana entre el hecho art\u00edstico y la ciudadan\u00eda. Bien porque los procesos o los resultados son participativos, bien porque tienen lugar en espacios singulares, bien porque representan historias no contadas de una comunidad, porque nos sirven para investigar una problem\u00e1tica, etc\u2026 Son pr\u00e1cticas en las que el teatro se pone al servicio de la gente, de sus historias, de las realidades que nos rodean, del encuentro entre las personas. De alguna manera cuestionan las fronteras tradicionales entre \u201cartistas que hacen\u201d y \u201cp\u00fablico que observa\u201d.<\/span><\/p><p><span style=\"font-weight: 400;\">Algunas de las t\u00e9cnicas que desarrollamos son Teatro Foro, Teatro Comunitario, Teatro Encuentro y Teatro Documental o Etnogr\u00e1fico.\u00a0\u00a0<\/span><\/p><p><span style=\"font-weight: 400;\">Seg\u00fan la entidad o colectivo para el que trabajemos y sus objetivos, podemos realizar talleres con ciudadan\u00eda o formaciones para profesionales que quieran aplicarlo en sus respectivos \u00e1mbitos laborales. <\/span><\/p>\t\t\t\t\t\t<\/div>\n\t\t\t\t<\/div>\n\t\t\t\t<\/div>\n\t\t<div class=\"elementor-element elementor-element-4118ff8 e-flex e-con-boxed e-con e-child\" data-id=\"4118ff8\" data-element_type=\"container\" data-settings=\"{&quot;content_width&quot;:&quot;boxed&quot;}\">\n\t\t\t\t\t<div class=\"e-con-inner\">\n\t\t\t\t<div class=\"elementor-element elementor-element-d255df2 elementor-widget elementor-widget-heading\" data-id=\"d255df2\" data-element_type=\"widget\" data-widget_type=\"heading.default\">\n\t\t\t\t<div class=\"elementor-widget-container\">\n\t\t\t<style>\/*! elementor - v3.17.0 - 08-11-2023 *\/\n.elementor-heading-title{padding:0;margin:0;line-height:1}.elementor-widget-heading .elementor-heading-title[class*=elementor-size-]>a{color:inherit;font-size:inherit;line-height:inherit}.elementor-widget-heading .elementor-heading-title.elementor-size-small{font-size:15px}.elementor-widget-heading .elementor-heading-title.elementor-size-medium{font-size:19px}.elementor-widget-heading .elementor-heading-title.elementor-size-large{font-size:29px}.elementor-widget-heading .elementor-heading-title.elementor-size-xl{font-size:39px}.elementor-widget-heading .elementor-heading-title.elementor-size-xxl{font-size:59px}<\/style><h1 class=\"elementor-heading-title elementor-size-large\">TALLERES Y FORMACI\u00d3N<\/h1>\t\t<\/div>\n\t\t\t\t<\/div>\n\t\t\t\t<div class=\"elementor-element elementor-element-3f822b5 elementor-widget elementor-widget-table-of-contents\" data-id=\"3f822b5\" data-element_type=\"widget\" data-settings=\"{&quot;marker_view&quot;:&quot;bullets&quot;,&quot;icon&quot;:{&quot;value&quot;:&quot;fas fa-arrow-right&quot;,&quot;library&quot;:&quot;fa-solid&quot;},&quot;headings_by_tags&quot;:[&quot;h2&quot;,&quot;h3&quot;,&quot;h4&quot;,&quot;h5&quot;,&quot;h6&quot;],&quot;min_height&quot;:{&quot;unit&quot;:&quot;px&quot;,&quot;size&quot;:&quot;&quot;,&quot;sizes&quot;:[]},&quot;min_height_tablet&quot;:{&quot;unit&quot;:&quot;px&quot;,&quot;size&quot;:&quot;&quot;,&quot;sizes&quot;:[]},&quot;min_height_mobile&quot;:{&quot;unit&quot;:&quot;px&quot;,&quot;size&quot;:&quot;&quot;,&quot;sizes&quot;:[]}}\" data-widget_type=\"table-of-contents.default\">\n\t\t\t\t<div class=\"elementor-widget-container\">\n\t\t\t<style>\/*! pro-elements - v3.17.0 - 01-11-2023 *\/\n.elementor-widget-table-of-contents .elementor-toc__header-title{color:var(--header-color)}.elementor-widget-table-of-contents.elementor-toc--collapsed .elementor-toc__toggle-button--collapse,.elementor-widget-table-of-contents:not(.elementor-toc--collapsed) .elementor-toc__toggle-button--expand{display:none}.elementor-widget-table-of-contents .elementor-widget-container{min-height:var(--box-min-height);border:var(--box-border-width,1px) solid var(--box-border-color,#9da5ae);border-radius:var(--box-border-radius,3px);background-color:var(--box-background-color);transition:min-height .4s;overflow:hidden}.elementor-toc__header{display:flex;align-items:center;justify-content:space-between;padding:var(--box-padding,20px);background-color:var(--header-background-color);border-bottom:var(--separator-width,1px) solid var(--box-border-color,#9da5ae)}.elementor-toc__header-title{font-size:18px;margin:0;color:var(--header-color)}.elementor-toc__toggle-button{cursor:pointer;display:inline-flex}.elementor-toc__toggle-button i{color:var(--toggle-button-color)}.elementor-toc__toggle-button svg{height:1em;width:1em;fill:var(--toggle-button-color)}.elementor-toc__spinner-container{text-align:center}.elementor-toc__spinner{font-size:2em}.elementor-toc__spinner.e-font-icon-svg{height:1em;width:1em}.elementor-toc__body{padding:var(--box-padding,20px);max-height:var(--toc-body-max-height);overflow-y:auto}.elementor-toc__body::-webkit-scrollbar{width:7px}.elementor-toc__body::-webkit-scrollbar-thumb{background-color:#babfc5;border-radius:10px}.elementor-toc__list-wrapper{list-style:none;padding:0}.elementor-toc__list-item{margin-bottom:.5em}.elementor-toc__list-item.elementor-item-active{font-weight:700}.elementor-toc__list-item .elementor-toc__list-wrapper{margin-top:.5em;margin-left:var(--nested-list-indent,1em)}.elementor-toc__list-item-text:hover{color:var(--item-text-hover-color);-webkit-text-decoration:var(--item-text-hover-decoration);text-decoration:var(--item-text-hover-decoration)}.elementor-toc__list-item-text.elementor-item-active{color:var(--item-text-active-color);-webkit-text-decoration:var(--item-text-active-decoration);text-decoration:var(--item-text-active-decoration)}.elementor-toc__list-item-text-wrapper{display:flex;align-items:center}.elementor-toc__list-item-text-wrapper:before,.elementor-toc__list-item-text-wrapper i{margin-right:8px;color:var(--marker-color)}.elementor-toc__list-item-text-wrapper svg{margin-right:8px;fill:var(--marker-color);height:var(--marker-size,.5em);width:var(--marker-size,.5em)}.elementor-toc__list-item-text-wrapper i{font-size:var(--marker-size,.5em)}.elementor-toc__list-item-text-wrapper:before{font-size:var(--marker-size,1em)}.elementor-toc--content-ellipsis .elementor-toc__list-item-text{white-space:nowrap;overflow:hidden;text-overflow:ellipsis}.elementor-toc__list-items--collapsible>.elementor-toc__list-wrapper>.elementor-toc__list-item>.elementor-toc__list-wrapper{display:none}.elementor-toc__heading-anchor{position:absolute}.elementor-toc__body .elementor-toc__list-item-text{color:var(--item-text-color);-webkit-text-decoration:var(--item-text-decoration);text-decoration:var(--item-text-decoration)}.elementor-toc__body .elementor-toc__list-item-text:hover{color:var(--item-text-hover-color);-webkit-text-decoration:var(--item-text-hover-decoration);text-decoration:var(--item-text-hover-decoration)}.elementor-toc__body .elementor-toc__list-item-text.elementor-item-active{color:var(--item-text-active-color);-webkit-text-decoration:var(--item-text-active-decoration);text-decoration:var(--item-text-active-decoration)}ol.elementor-toc__list-wrapper{counter-reset:item}ol.elementor-toc__list-wrapper .elementor-toc__list-item{counter-increment:item}ol.elementor-toc__list-wrapper .elementor-toc__list-item-text-wrapper:before{content:counters(item,\".\") \". \"}<\/style>\t\t<div class=\"elementor-toc__header\">\n\t\t\t<h4 class=\"elementor-toc__header-title\">\n\t\t\t\t\t\t\t<\/h4>\n\t\t\t\t\t<\/div>\n\t\t<div id=\"elementor-toc__3f822b5\" class=\"elementor-toc__body\">\n\t\t\t<div class=\"elementor-toc__spinner-container\">\n\t\t\t\t<i class=\"elementor-toc__spinner eicon-animation-spin eicon-loading\" aria-hidden=\"true\"><\/i>\t\t\t<\/div>\n\t\t<\/div>\n\t\t\t\t<\/div>\n\t\t\t\t<\/div>\n\t\t\t\t\t<\/div>\n\t\t\t\t<\/div>\n\t\t\t\t<\/div>\n\t\t<div class=\"elementor-element elementor-element-c391d65 e-con-full e-flex e-con e-parent\" data-id=\"c391d65\" data-element_type=\"container\" data-settings=\"{&quot;content_width&quot;:&quot;full&quot;,&quot;background_background&quot;:&quot;classic&quot;,&quot;background_motion_fx_motion_fx_scrolling&quot;:&quot;yes&quot;,&quot;background_motion_fx_translateY_speed&quot;:{&quot;unit&quot;:&quot;px&quot;,&quot;size&quot;:8.8,&quot;sizes&quot;:[]},&quot;background_motion_fx_translateY_effect&quot;:&quot;yes&quot;,&quot;background_motion_fx_translateY_affectedRange&quot;:{&quot;unit&quot;:&quot;%&quot;,&quot;size&quot;:&quot;&quot;,&quot;sizes&quot;:{&quot;start&quot;:0,&quot;end&quot;:100}},&quot;background_motion_fx_devices&quot;:[&quot;desktop&quot;,&quot;tablet&quot;,&quot;mobile&quot;]}\" data-core-v316-plus=\"true\">\n\t\t<div class=\"elementor-element elementor-element-c0b880f e-con-full elementor-hidden-mobile e-flex e-con e-child\" data-id=\"c0b880f\" data-element_type=\"container\" data-settings=\"{&quot;content_width&quot;:&quot;full&quot;}\">\n\t\t\t\t<\/div>\n\t\t<div class=\"elementor-element elementor-element-2d8dae5 e-con-full e-flex e-con e-child\" data-id=\"2d8dae5\" data-element_type=\"container\" data-settings=\"{&quot;content_width&quot;:&quot;full&quot;}\">\n\t\t\t\t<div class=\"elementor-element elementor-element-fe02ea2 elementor-widget elementor-widget-heading\" data-id=\"fe02ea2\" data-element_type=\"widget\" data-widget_type=\"heading.default\">\n\t\t\t\t<div class=\"elementor-widget-container\">\n\t\t\t<h2 class=\"elementor-heading-title elementor-size-large\">TEATRO FORO<\/h2>\t\t<\/div>\n\t\t\t\t<\/div>\n\t\t\t\t<div class=\"elementor-element elementor-element-734c1b4 elementor-widget elementor-widget-text-editor\" data-id=\"734c1b4\" data-element_type=\"widget\" data-widget_type=\"text-editor.default\">\n\t\t\t\t<div class=\"elementor-widget-container\">\n\t\t\t\t\t\t\t<p><span style=\"font-weight: 400;\">El Teatro Foro nace en Brasil en los a\u00f1os 60, y es la t\u00e9cnica m\u00e1s conocida y de mayor impacto dentro del Teatro del Oprimido, desarrollado por Augusto Boal. Se nutre de un gran innovador en la educaci\u00f3n, el pedagogo y fil\u00f3sofo brasile\u00f1o Paolo Freire, que desarrolla la Pedagog\u00eda del Oprimido. Freire tiene una cita que inspira a Boal y tiene mucho que ver con la intenci\u00f3n del Teatro Foro: <\/span><i><span style=\"font-weight: 400;\">\u201cSi t\u00fa te identificas con la manera de leer y escribir con la que aprendes, tu relaci\u00f3n con la escritura ser\u00e1 muy diferente.\u201d<\/span><\/i><span style=\"font-weight: 400;\">\u00a0<\/span><\/p><p><b>Si t\u00fa te identificas con la historia que ves sobre un escenario, tu relaci\u00f3n con el teatro ser\u00e1 muy diferente. \u00bfC\u00f3mo contar nuestras historias?\u00a0<\/b><\/p><p><span style=\"font-weight: 400;\">A partir de esta pregunta nace el Teatro Foro, una poderosa herramienta dirigida a un colectivo que quiere reflexionar y profundizar sobre su realidad para transformarla. Realidades cotidianas, de nuestra vida, lo que nos sucede en nuestra ciudad o pueblo, en nuestro instituto, en nuestro centro de trabajo, en nuestra familias.\u00a0<\/span><\/p><p><span style=\"font-weight: 400;\">Un Teatro Foro plantea un conflicto concreto y cercano. El p\u00fablico puede cambiar la acci\u00f3n, sustituyendo a alguno de los personajes de la obra o proponiendo otros nuevos, para intentar aportar opciones diferentes frente al conflicto. Mediante las reflexiones y propuestas del p\u00fablico, construimos alternativas colectivamente para poder afrontar como individuos y como comunidad los conflictos representados.\u00a0<\/span><\/p><p><span style=\"font-weight: 400;\">El Teatro Foro genera un encuentro en el que la diversidad de miradas y sentires sobre una realidad pueda ser expresada. <\/span><b>Y permite un espacio de \u201censayo\u201d para que las propuestas que sean realmente transformadoras, lo sean tambi\u00e9n en nuestra vida diaria.<\/b><\/p><p><span style=\"font-weight: 400;\">Seg\u00fan la comunidad destinataria o los objetivos de la entidad para la que estemos trabajando, podemos representar una obra de Teatro Foro sobre una tem\u00e1tica por encargo, o podemos construir el Teatro Foro con la propia comunidad para abordar igualmente esos temas y realidades que le interesa tratar.\u00a0<\/span><\/p>\t\t\t\t\t\t<\/div>\n\t\t\t\t<\/div>\n\t\t\t\t<div class=\"elementor-element elementor-element-1c30f92 elementor-widget elementor-widget-accordion\" data-id=\"1c30f92\" data-element_type=\"widget\" data-widget_type=\"accordion.default\">\n\t\t\t\t<div class=\"elementor-widget-container\">\n\t\t\t<style>\/*! elementor - v3.17.0 - 08-11-2023 *\/\n.elementor-accordion{text-align:left}.elementor-accordion .elementor-accordion-item{border:1px solid #d5d8dc}.elementor-accordion .elementor-accordion-item+.elementor-accordion-item{border-top:none}.elementor-accordion .elementor-tab-title{margin:0;padding:15px 20px;font-weight:700;line-height:1;cursor:pointer;outline:none}.elementor-accordion .elementor-tab-title .elementor-accordion-icon{display:inline-block;width:1.5em}.elementor-accordion .elementor-tab-title .elementor-accordion-icon svg{width:1em;height:1em}.elementor-accordion .elementor-tab-title .elementor-accordion-icon.elementor-accordion-icon-right{float:right;text-align:right}.elementor-accordion .elementor-tab-title .elementor-accordion-icon.elementor-accordion-icon-left{float:left;text-align:left}.elementor-accordion .elementor-tab-title .elementor-accordion-icon .elementor-accordion-icon-closed{display:block}.elementor-accordion .elementor-tab-title .elementor-accordion-icon .elementor-accordion-icon-opened,.elementor-accordion .elementor-tab-title.elementor-active .elementor-accordion-icon-closed{display:none}.elementor-accordion .elementor-tab-title.elementor-active .elementor-accordion-icon-opened{display:block}.elementor-accordion .elementor-tab-content{display:none;padding:15px 20px;border-top:1px solid #d5d8dc}@media (max-width:767px){.elementor-accordion .elementor-tab-title{padding:12px 15px}.elementor-accordion .elementor-tab-title .elementor-accordion-icon{width:1.2em}.elementor-accordion .elementor-tab-content{padding:7px 15px}}.e-con-inner>.elementor-widget-accordion,.e-con>.elementor-widget-accordion{width:var(--container-widget-width);--flex-grow:var(--container-widget-flex-grow)}<\/style>\t\t<div class=\"elementor-accordion\">\n\t\t\t\t\t\t\t<div class=\"elementor-accordion-item\">\n\t\t\t\t\t<div id=\"elementor-tab-title-2951\" class=\"elementor-tab-title\" data-tab=\"1\" role=\"button\" aria-controls=\"elementor-tab-content-2951\" aria-expanded=\"false\">\n\t\t\t\t\t\t\t\t\t\t\t\t\t<span class=\"elementor-accordion-icon elementor-accordion-icon-left\" aria-hidden=\"true\">\n\t\t\t\t\t\t\t\t\t\t\t\t\t\t\t<span class=\"elementor-accordion-icon-closed\"><i class=\"fas fa-plus\"><\/i><\/span>\n\t\t\t\t\t\t\t\t<span class=\"elementor-accordion-icon-opened\"><i class=\"fas fa-minus\"><\/i><\/span>\n\t\t\t\t\t\t\t\t\t\t\t\t\t\t<\/span>\n\t\t\t\t\t\t\t\t\t\t\t\t<a class=\"elementor-accordion-title\" tabindex=\"0\">Trabajos realizados con:<\/a>\n\t\t\t\t\t<\/div>\n\t\t\t\t\t<div id=\"elementor-tab-content-2951\" class=\"elementor-tab-content elementor-clearfix\" data-tab=\"1\" role=\"region\" aria-labelledby=\"elementor-tab-title-2951\"><p><span style=\"font-weight: 400;\">CFIE de \u00c1vila<br \/><\/span><span style=\"font-weight: 400;\">Creo Com\u00fan y ONG Asamblea de Cooperaci\u00f3n por la Paz<br \/><\/span><span style=\"font-weight: 400;\">Intress (profesionales de Centros de Rehabilitaci\u00f3n Psicosocial)\u00a0<br \/><\/span><span style=\"font-weight: 400;\">Espacio de Igualdad Juana Do\u00f1a, Ayuntamiento de Madrid<br \/><\/span><span style=\"font-weight: 400;\">\u00c1rea de Igualdad del Ayuntamiento de Legan\u00e9s\u00a0<br \/><\/span><span style=\"font-weight: 400;\">Colegio de Soci\u00f3logos de la Universidad Complutense de Madrid <br \/>La Casa Encendida<\/span><\/p><\/div>\n\t\t\t\t<\/div>\n\t\t\t\t\t\t\t\t<\/div>\n\t\t\t\t<\/div>\n\t\t\t\t<\/div>\n\t\t\t\t<\/div>\n\t\t\t\t<\/div>\n\t\t<div class=\"elementor-element elementor-element-826b544 e-con-full e-flex e-con e-parent\" data-id=\"826b544\" data-element_type=\"container\" data-settings=\"{&quot;content_width&quot;:&quot;full&quot;}\" data-core-v316-plus=\"true\">\n\t\t<div class=\"elementor-element elementor-element-193e533 e-con-full e-flex e-con e-child\" data-id=\"193e533\" data-element_type=\"container\" data-settings=\"{&quot;content_width&quot;:&quot;full&quot;,&quot;background_background&quot;:&quot;classic&quot;,&quot;background_motion_fx_motion_fx_scrolling&quot;:&quot;yes&quot;,&quot;background_motion_fx_translateY_speed&quot;:{&quot;unit&quot;:&quot;px&quot;,&quot;size&quot;:5.8,&quot;sizes&quot;:[]},&quot;background_motion_fx_translateY_affectedRange&quot;:{&quot;unit&quot;:&quot;%&quot;,&quot;size&quot;:&quot;&quot;,&quot;sizes&quot;:{&quot;start&quot;:3,&quot;end&quot;:100}},&quot;background_motion_fx_translateY_effect&quot;:&quot;yes&quot;,&quot;background_motion_fx_devices&quot;:[&quot;desktop&quot;,&quot;tablet&quot;,&quot;mobile&quot;]}\">\n\t\t<div class=\"elementor-element elementor-element-2ef7cb6 e-con-full e-flex e-con e-child\" data-id=\"2ef7cb6\" data-element_type=\"container\" data-settings=\"{&quot;content_width&quot;:&quot;full&quot;}\">\n\t\t\t\t<div class=\"elementor-element elementor-element-33b5b60 elementor-widget elementor-widget-heading\" data-id=\"33b5b60\" data-element_type=\"widget\" data-widget_type=\"heading.default\">\n\t\t\t\t<div class=\"elementor-widget-container\">\n\t\t\t<h2 class=\"elementor-heading-title elementor-size-large\">TEATRO COMUNITARIO<\/h2>\t\t<\/div>\n\t\t\t\t<\/div>\n\t\t\t\t<div class=\"elementor-element elementor-element-56e1029 elementor-widget elementor-widget-text-editor\" data-id=\"56e1029\" data-element_type=\"widget\" data-widget_type=\"text-editor.default\">\n\t\t\t\t<div class=\"elementor-widget-container\">\n\t\t\t\t\t\t\t<p><span style=\"font-weight: 400;\">Teatro de la comunidad para la comunidad. Es el resultado de una creaci\u00f3n colectiva y no de un artista. <\/span><b>Responde a las realidades, deseos y necesidades de un grupo y su entorno.\u00a0<\/b><\/p><p><span style=\"font-weight: 400;\">Hacemos Teatro Comunitario para promover la cohesi\u00f3n social y la participaci\u00f3n ciudadana en la producci\u00f3n cultural. Para potenciar el empoderamiento de las personas participantes mediante la creaci\u00f3n de productos art\u00edsticos de calidad que respondan a sus historias, deseos, e inquietudes. Para favorecer la convivencia en un territorio mediante obras que reflejen la diversidad de miradas y realidades del mismo. Para reforzar el sentimiento de identidad personal y comunitaria a trav\u00e9s de procesos de creaci\u00f3n colectiva.\u00a0<\/span><\/p><p><span style=\"font-weight: 400;\">El Teatro Comunitario descentraliza el arte de los espacios culturales cl\u00e1sicos. Adem\u00e1s, genera la creaci\u00f3n de un p\u00fablico nuevo, compuesto por el entorno familiar y social de las personas participantes y por la comunidad en un sentido m\u00e1s amplio.\u00a0<\/span><\/p>\t\t\t\t\t\t<\/div>\n\t\t\t\t<\/div>\n\t\t\t\t<div class=\"elementor-element elementor-element-99cfd11 elementor-widget elementor-widget-accordion\" data-id=\"99cfd11\" data-element_type=\"widget\" data-widget_type=\"accordion.default\">\n\t\t\t\t<div class=\"elementor-widget-container\">\n\t\t\t\t\t<div class=\"elementor-accordion\">\n\t\t\t\t\t\t\t<div class=\"elementor-accordion-item\">\n\t\t\t\t\t<div id=\"elementor-tab-title-1611\" class=\"elementor-tab-title\" data-tab=\"1\" role=\"button\" aria-controls=\"elementor-tab-content-1611\" aria-expanded=\"false\">\n\t\t\t\t\t\t\t\t\t\t\t\t\t<span class=\"elementor-accordion-icon elementor-accordion-icon-left\" aria-hidden=\"true\">\n\t\t\t\t\t\t\t\t\t\t\t\t\t\t\t<span class=\"elementor-accordion-icon-closed\"><i class=\"fas fa-plus\"><\/i><\/span>\n\t\t\t\t\t\t\t\t<span class=\"elementor-accordion-icon-opened\"><i class=\"fas fa-minus\"><\/i><\/span>\n\t\t\t\t\t\t\t\t\t\t\t\t\t\t<\/span>\n\t\t\t\t\t\t\t\t\t\t\t\t<a class=\"elementor-accordion-title\" tabindex=\"0\">Trabajos realizados con:<\/a>\n\t\t\t\t\t<\/div>\n\t\t\t\t\t<div id=\"elementor-tab-content-1611\" class=\"elementor-tab-content elementor-clearfix\" data-tab=\"1\" role=\"region\" aria-labelledby=\"elementor-tab-title-1611\"><p>Punto de Encuentro. Un teatro de vecin@s en y sobre Mu\u00f1ana. CEAS Piedrah\u00edta, Diputaci\u00f3n de \u00c1vila y Ayuntamiento de Mu\u00f1ana. <br \/><span style=\"font-weight: 400;\"><a href=\"https:\/\/almealera.org\/index.php\/2023\/12\/12\/proyecto-mosaicos\/\">Proyecto Mosaicos &#8211; Grupo de Teatro Comunitario Mosaicos Chamber\u00ed<\/a>\u00a0<br \/>Teatrodix Phestival, Pamplona <br \/>Calatea, Mirador Usera, Sala ExL\u00edmite <br \/>The Cross Border Project y Ayuntamiento de Medina de Rioseco<br \/><\/span><span style=\"font-weight: 400;\">Colegio de Soci\u00f3logos de la Universidad Complutense de Madrid <br \/>La Casa Encendida<\/span><\/p><\/div>\n\t\t\t\t<\/div>\n\t\t\t\t\t\t\t\t<\/div>\n\t\t\t\t<\/div>\n\t\t\t\t<\/div>\n\t\t\t\t<\/div>\n\t\t<div class=\"elementor-element elementor-element-261c2a8 e-con-full elementor-hidden-mobile e-flex e-con e-child\" data-id=\"261c2a8\" data-element_type=\"container\" data-settings=\"{&quot;content_width&quot;:&quot;full&quot;}\">\n\t\t\t\t<\/div>\n\t\t\t\t<\/div>\n\t\t\t\t<\/div>\n\t\t<div class=\"elementor-element elementor-element-c22e6e8 e-con-full e-flex e-con e-parent\" data-id=\"c22e6e8\" data-element_type=\"container\" data-settings=\"{&quot;content_width&quot;:&quot;full&quot;,&quot;background_background&quot;:&quot;classic&quot;,&quot;background_motion_fx_motion_fx_scrolling&quot;:&quot;yes&quot;,&quot;background_motion_fx_translateY_speed&quot;:{&quot;unit&quot;:&quot;px&quot;,&quot;size&quot;:10,&quot;sizes&quot;:[]},&quot;background_motion_fx_translateY_effect&quot;:&quot;yes&quot;,&quot;background_motion_fx_translateY_affectedRange&quot;:{&quot;unit&quot;:&quot;%&quot;,&quot;size&quot;:&quot;&quot;,&quot;sizes&quot;:{&quot;start&quot;:0,&quot;end&quot;:100}},&quot;background_motion_fx_devices&quot;:[&quot;desktop&quot;,&quot;tablet&quot;,&quot;mobile&quot;]}\" data-core-v316-plus=\"true\">\n\t\t<div class=\"elementor-element elementor-element-78af23d e-con-full elementor-hidden-mobile e-flex e-con e-child\" data-id=\"78af23d\" data-element_type=\"container\" data-settings=\"{&quot;content_width&quot;:&quot;full&quot;}\">\n\t\t\t\t<\/div>\n\t\t<div class=\"elementor-element elementor-element-291aa64 e-con-full e-flex e-con e-child\" data-id=\"291aa64\" data-element_type=\"container\" data-settings=\"{&quot;content_width&quot;:&quot;full&quot;}\">\n\t\t\t\t<div class=\"elementor-element elementor-element-1635d69 elementor-widget elementor-widget-heading\" data-id=\"1635d69\" data-element_type=\"widget\" data-widget_type=\"heading.default\">\n\t\t\t\t<div class=\"elementor-widget-container\">\n\t\t\t<h2 class=\"elementor-heading-title elementor-size-large\">TEATRO ENCUENTRO<\/h2>\t\t<\/div>\n\t\t\t\t<\/div>\n\t\t\t\t<div class=\"elementor-element elementor-element-7341829 elementor-widget elementor-widget-text-editor\" data-id=\"7341829\" data-element_type=\"widget\" data-widget_type=\"text-editor.default\">\n\t\t\t\t<div class=\"elementor-widget-container\">\n\t\t\t\t\t\t\t<p><span style=\"font-weight: 400;\">Es una t\u00e9cnica desarrollada por la compa\u00f1\u00eda La Rueda Teatro Social. Es un teatro de formato muy peque\u00f1o, para ser compartido con muy pocos espectadores y espectadoras, que propone un encuentro \u00edntimo, profundo y cercano para poder dialogar sobre un tema de inter\u00e9s social.\u00a0<\/span><\/p><p><span style=\"font-weight: 400;\">Un Teatro Encuentro es un breve relato teatralizado. Un mon\u00f3logo que parte de una experiencia personal concreta para hablar de algo colectivo. El mon\u00f3logo se sirve de acciones y objetos para ser teatralizado. Siempre acaba con una pregunta que abre un debate sobre el tema elegido con el p\u00fablico.\u00a0<\/span><\/p><p><b>A partir de una experiencia personal y de la narraci\u00f3n oral, el Teatro Encuentro genera un espacio cercano y de reflexi\u00f3n sincera con un p\u00fablico peque\u00f1o acerca de un tema de inter\u00e9s social.\u00a0<\/b><\/p>\t\t\t\t\t\t<\/div>\n\t\t\t\t<\/div>\n\t\t\t\t<div class=\"elementor-element elementor-element-8bbd53d elementor-widget elementor-widget-accordion\" data-id=\"8bbd53d\" data-element_type=\"widget\" data-widget_type=\"accordion.default\">\n\t\t\t\t<div class=\"elementor-widget-container\">\n\t\t\t\t\t<div class=\"elementor-accordion\">\n\t\t\t\t\t\t\t<div class=\"elementor-accordion-item\">\n\t\t\t\t\t<div id=\"elementor-tab-title-1461\" class=\"elementor-tab-title\" data-tab=\"1\" role=\"button\" aria-controls=\"elementor-tab-content-1461\" aria-expanded=\"false\">\n\t\t\t\t\t\t\t\t\t\t\t\t\t<span class=\"elementor-accordion-icon elementor-accordion-icon-left\" aria-hidden=\"true\">\n\t\t\t\t\t\t\t\t\t\t\t\t\t\t\t<span class=\"elementor-accordion-icon-closed\"><i class=\"fas fa-plus\"><\/i><\/span>\n\t\t\t\t\t\t\t\t<span class=\"elementor-accordion-icon-opened\"><i class=\"fas fa-minus\"><\/i><\/span>\n\t\t\t\t\t\t\t\t\t\t\t\t\t\t<\/span>\n\t\t\t\t\t\t\t\t\t\t\t\t<a class=\"elementor-accordion-title\" tabindex=\"0\">Trabajos realizados con:<\/a>\n\t\t\t\t\t<\/div>\n\t\t\t\t\t<div id=\"elementor-tab-content-1461\" class=\"elementor-tab-content elementor-clearfix\" data-tab=\"1\" role=\"region\" aria-labelledby=\"elementor-tab-title-1461\"><p><span style=\"font-weight: 400;\">Programa de Igualdad, \u00c1rea de Servicios Sociales. Diputaci\u00f3n de \u00c1vila<br \/>Espacio de Igualdad Hermanas Mirabal, Ayuntamiento de Madrid<br \/>Espacio de Igualdad Gloria Fuertes, Ayuntamiento de Madrid <br \/>Espacio de Igualdad Carme Chac\u00f3n, Ayuntamiento de Madrid <br \/><\/span><\/p><\/div>\n\t\t\t\t<\/div>\n\t\t\t\t\t\t\t\t<\/div>\n\t\t\t\t<\/div>\n\t\t\t\t<\/div>\n\t\t\t\t<\/div>\n\t\t\t\t<\/div>\n\t\t<div class=\"elementor-element elementor-element-12f11cc e-con-full e-flex e-con e-parent\" data-id=\"12f11cc\" data-element_type=\"container\" data-settings=\"{&quot;content_width&quot;:&quot;full&quot;}\" data-core-v316-plus=\"true\">\n\t\t<div class=\"elementor-element elementor-element-a99858f e-con-full e-flex e-con e-child\" data-id=\"a99858f\" data-element_type=\"container\" data-settings=\"{&quot;content_width&quot;:&quot;full&quot;,&quot;background_background&quot;:&quot;classic&quot;,&quot;background_motion_fx_motion_fx_scrolling&quot;:&quot;yes&quot;,&quot;background_motion_fx_translateY_speed&quot;:{&quot;unit&quot;:&quot;px&quot;,&quot;size&quot;:8.8,&quot;sizes&quot;:[]},&quot;background_motion_fx_translateY_effect&quot;:&quot;yes&quot;,&quot;background_motion_fx_translateY_affectedRange&quot;:{&quot;unit&quot;:&quot;%&quot;,&quot;size&quot;:&quot;&quot;,&quot;sizes&quot;:{&quot;start&quot;:0,&quot;end&quot;:100}},&quot;background_motion_fx_devices&quot;:[&quot;desktop&quot;,&quot;tablet&quot;,&quot;mobile&quot;]}\">\n\t\t<div class=\"elementor-element elementor-element-03b94d7 e-con-full e-flex e-con e-child\" data-id=\"03b94d7\" data-element_type=\"container\" data-settings=\"{&quot;content_width&quot;:&quot;full&quot;}\">\n\t\t\t\t<div class=\"elementor-element elementor-element-ead05e8 elementor-widget elementor-widget-heading\" data-id=\"ead05e8\" data-element_type=\"widget\" data-widget_type=\"heading.default\">\n\t\t\t\t<div class=\"elementor-widget-container\">\n\t\t\t<h2 class=\"elementor-heading-title elementor-size-large\">TEATRO DOCUMENTAL<\/h2>\t\t<\/div>\n\t\t\t\t<\/div>\n\t\t\t\t<div class=\"elementor-element elementor-element-14d579f elementor-widget elementor-widget-text-editor\" data-id=\"14d579f\" data-element_type=\"widget\" data-widget_type=\"text-editor.default\">\n\t\t\t\t<div class=\"elementor-widget-container\">\n\t\t\t\t\t\t\t<p><span style=\"font-weight: 400;\">El Teatro Documental o Teatro Etnogr\u00e1fico es una creaci\u00f3n esc\u00e9nica basada mayoritariamente en materiales extra\u00eddos de la realidad. Una herramienta de la que habitualmente se sirve es la entrevista y el testimonio, pero tambi\u00e9n otros recursos como la fotograf\u00eda, las noticias, los archivos hist\u00f3ricos, las biograf\u00edas, etc.\u00a0<\/span><\/p><p><span style=\"font-weight: 400;\">Es una t\u00e9cnica poderosa cuando queremos contar la historia de una comunidad o colectivo, de una persona, de un lugar, un aspecto nuestra identidad o nuestra memoria que queramos visibilizar, entre algunos ejemplos.\u00a0<\/span><\/p><p><span style=\"font-weight: 400;\">Con el espect\u00e1culo <\/span><span style=\"color: #333333;\"><a style=\"color: #333333;\" href=\"https:\/\/almealera.org\/index.php\/2023\/12\/12\/una-rueda-que-da-vueltas\/\"><i><span style=\"font-weight: 400;\">Una rueda que da vueltas (entre molinos de agua y otras cosas en peligro de extinci\u00f3n)<\/span><\/i><\/a><\/span><span style=\"font-weight: 400;\">, almealera hizo un trabajo profundo de creaci\u00f3n documental o etnogr\u00e1fica centr\u00e1ndose en los recuerdos de vida de molineras y molineros de agua de una comarca despoblada en \u00c1vila. Este proceso dur\u00f3 varios a\u00f1os, y se bas\u00f3 en la entrevista oral, pero tambi\u00e9n en la observaci\u00f3n activa de actividades de la comunidad investigada, en la b\u00fasqueda de objetos, herramientas, fotograf\u00edas, palabras y expresiones.<\/span><\/p>\t\t\t\t\t\t<\/div>\n\t\t\t\t<\/div>\n\t\t\t\t<\/div>\n\t\t<div class=\"elementor-element elementor-element-b07e689 e-con-full elementor-hidden-mobile e-flex e-con e-child\" data-id=\"b07e689\" data-element_type=\"container\" data-settings=\"{&quot;content_width&quot;:&quot;full&quot;}\">\n\t\t\t\t<\/div>\n\t\t\t\t<\/div>\n\t\t\t\t<\/div>\n\t\t<div class=\"elementor-element elementor-element-975d442 e-con-full e-flex e-con e-parent\" data-id=\"975d442\" data-element_type=\"container\" data-settings=\"{&quot;content_width&quot;:&quot;full&quot;,&quot;background_background&quot;:&quot;classic&quot;,&quot;background_motion_fx_motion_fx_scrolling&quot;:&quot;yes&quot;,&quot;background_motion_fx_translateY_speed&quot;:{&quot;unit&quot;:&quot;px&quot;,&quot;size&quot;:9.4,&quot;sizes&quot;:[]},&quot;background_motion_fx_translateY_effect&quot;:&quot;yes&quot;,&quot;background_motion_fx_translateY_affectedRange&quot;:{&quot;unit&quot;:&quot;%&quot;,&quot;size&quot;:&quot;&quot;,&quot;sizes&quot;:{&quot;start&quot;:0,&quot;end&quot;:100}},&quot;background_motion_fx_devices&quot;:[&quot;desktop&quot;,&quot;tablet&quot;,&quot;mobile&quot;]}\" data-core-v316-plus=\"true\">\n\t\t<div class=\"elementor-element elementor-element-ae6e8b9 e-con-full elementor-hidden-mobile e-flex e-con e-child\" data-id=\"ae6e8b9\" data-element_type=\"container\" data-settings=\"{&quot;content_width&quot;:&quot;full&quot;}\">\n\t\t\t\t<\/div>\n\t\t<div class=\"elementor-element elementor-element-8f84759 e-con-full e-flex e-con e-child\" data-id=\"8f84759\" data-element_type=\"container\" data-settings=\"{&quot;content_width&quot;:&quot;full&quot;}\">\n\t\t\t\t<div class=\"elementor-element elementor-element-0176e8c elementor-widget elementor-widget-heading\" data-id=\"0176e8c\" data-element_type=\"widget\" data-widget_type=\"heading.default\">\n\t\t\t\t<div class=\"elementor-widget-container\">\n\t\t\t<h2 class=\"elementor-heading-title elementor-size-large\">OTROS<\/h2>\t\t<\/div>\n\t\t\t\t<\/div>\n\t\t\t\t<div class=\"elementor-element elementor-element-2aff7d4 elementor-widget elementor-widget-text-editor\" data-id=\"2aff7d4\" data-element_type=\"widget\" data-widget_type=\"text-editor.default\">\n\t\t\t\t<div class=\"elementor-widget-container\">\n\t\t\t\t\t\t\t<p><i><span style=\"font-weight: 400;\">Proyecto Antiestigma a trav\u00e9s del arte.<\/span><\/i><span style=\"font-weight: 400;\"> Tras la M\u00e1scara, Universidad La Salle y Centros de Rehabilitaci\u00f3n Psicosocial Aravaca y Latina.\u00a0<\/span><\/p><p><i><span style=\"font-weight: 400;\">Rapeando a los cl\u00e1sicos<\/span><\/i><span style=\"font-weight: 400;\">, Asociaci\u00f3n Colectivo Singular. Taller de verso y hip-hop con estudiantes de ESO y Bachillerato. Fundaci\u00f3n LaCaixa.<\/span><\/p><p><i><span style=\"font-weight: 400;\">Amor, barroco y nosotr@s<\/span><\/i><span style=\"font-weight: 400;\">. Taller de teatro cl\u00e1sico, g\u00e9nero y creaci\u00f3n colectiva. Centro Cultural Espa\u00f1a- Casa del Soldado. AECID y Embajada de Espa\u00f1a en Panam\u00e1.<\/span><\/p><p><i><span style=\"font-weight: 400;\">Susurrando a Gloria Fuertes<\/span><\/i><span style=\"font-weight: 400;\">. Taller de poes\u00eda y creaci\u00f3n para estudiantes del IES Emperatriz Mar\u00eda de Austria. Aula de las Artes de la Universidad Carlos III de Madrid.<\/span><\/p><p><i><span style=\"font-weight: 400;\">Reescribiendo La Dama Boba.<\/span><\/i><span style=\"font-weight: 400;\"> Taller de teatro aplicado a la educaci\u00f3n en igualdad de g\u00e9nero. Ayto. y Servicios Sociales de Galapagar, Direcci\u00f3n General de la Mujer, Madrid.<\/span><\/p><p><span style=\"font-weight: 400;\">Fundaci\u00f3n Yehudi Menuhin Espa\u00f1a. Programa MUS-E. Clases de teatro y artes audiovisuales para la integraci\u00f3n social a trav\u00e9s de las artes en colegios p\u00fablicos.<\/span><\/p>\t\t\t\t\t\t<\/div>\n\t\t\t\t<\/div>\n\t\t\t\t<\/div>\n\t\t\t\t<\/div>\n\t\t<div class=\"elementor-element elementor-element-ee7855e e-flex e-con-boxed e-con e-parent\" data-id=\"ee7855e\" data-element_type=\"container\" data-settings=\"{&quot;content_width&quot;:&quot;boxed&quot;}\" data-core-v316-plus=\"true\">\n\t\t\t\t\t<div class=\"e-con-inner\">\n\t\t\t\t<div class=\"elementor-element elementor-element-038331a elementor-widget elementor-widget-html\" data-id=\"038331a\" data-element_type=\"widget\" data-widget_type=\"html.default\">\n\t\t\t\t<div class=\"elementor-widget-container\">\n\t\t\t<style class=\"accordion-closed-on-load\">body:not(.elementor-editor-active) .elementor-widget-accordion .elementor-tab-content {\r\ndisplay: none!important;\r\n}<\/style> <script src=\"data:text\/javascript;base64,d2luZG93LmFkZEV2ZW50TGlzdGVuZXIoJ2xvYWQnLGZ1bmN0aW9uKCl7c2V0VGltZW91dChmdW5jdGlvbigpe2RvY3VtZW50LnF1ZXJ5U2VsZWN0b3IoJy5hY2NvcmRpb24tY2xvc2VkLW9uLWxvYWQnKS5yZW1vdmUoKTtsZXQgYWNjb3JkaW9uc0VsZW1zPWRvY3VtZW50LnF1ZXJ5U2VsZWN0b3JBbGwoJy5lbGVtZW50b3Itd2lkZ2V0LWFjY29yZGlvbicpCmFjY29yZGlvbnNFbGVtcy5mb3JFYWNoKGU9PntsZXQgYWN0aXZlVGl0bGU9ZS5xdWVyeVNlbGVjdG9yKCcuZWxlbWVudG9yLXRhYi10aXRsZS5lbGVtZW50b3ItYWN0aXZlJyk7bGV0IGFjdGl2ZUNvbnRlbnQ9ZS5xdWVyeVNlbGVjdG9yKCcuZWxlbWVudG9yLXRhYi1jb250ZW50LmVsZW1lbnRvci1hY3RpdmUnKQpqUXVlcnkoYWN0aXZlQ29udGVudCkuaGlkZSgpO2FjdGl2ZVRpdGxlLmNsYXNzTGlzdC5yZW1vdmUoJ2VsZW1lbnRvci1hY3RpdmUnKTthY3RpdmVDb250ZW50LmNsYXNzTGlzdC5yZW1vdmUoJ2VsZW1lbnRvci1hY3RpdmUnKTthY3RpdmVDb250ZW50LnNldEF0dHJpYnV0ZSgnaGlkZGVuJywnaGlkZGVuJyk7YWN0aXZlVGl0bGUuc2V0QXR0cmlidXRlKCdhcmlhLWV4cGFuZGVkJywhMSk7YWN0aXZlVGl0bGUuc2V0QXR0cmlidXRlKCdhcmlhLXNlbGVjdGVkJywhMSk7YWN0aXZlVGl0bGUuc2V0QXR0cmlidXRlKCd0YWJpbmRleCcsLTEpfSl9LDEwMCl9KQ==\" defer><\/script>\t\t<\/div>\n\t\t\t\t<\/div>\n\t\t\t\t\t<\/div>\n\t\t\t\t<\/div>\n\t\t\t\t\t\t\t<\/div>\n\t\t","protected":false},"excerpt":{"rendered":"<p>Hablamos de Teatro Aplicado y Teatro Social para referirnos a un abanico amplio de pr\u00e1cticas esc\u00e9nicas o art\u00edsticas que proponen procesos y creaciones no convencionales.\u00a0 Establecen una relaci\u00f3n m\u00e1s inclusiva&hellip;&nbsp;<a href=\"https:\/\/almealera.org\/index.php\/formacion\/\" class=\"\" rel=\"bookmark\">Leer m\u00e1s &raquo;<span class=\"screen-reader-text\">Talleres y formaci\u00f3n<\/span><\/a><\/p>\n","protected":false},"author":1,"featured_media":0,"parent":0,"menu_order":0,"comment_status":"closed","ping_status":"closed","template":"page-templates\/template-pagebuilder-full-width.php","meta":{"neve_meta_sidebar":"","neve_meta_container":"","neve_meta_enable_content_width":"","neve_meta_content_width":0,"neve_meta_title_alignment":"","neve_meta_author_avatar":"","neve_post_elements_order":"","neve_meta_disable_header":"","neve_meta_disable_footer":"","neve_meta_disable_title":"","_EventAllDay":false,"_EventTimezone":"","_EventStartDate":"","_EventEndDate":"","_EventStartDateUTC":"","_EventEndDateUTC":"","_EventShowMap":false,"_EventShowMapLink":false,"_EventURL":"","_EventCost":"","_EventCostDescription":"","_EventCurrencySymbol":"","_EventCurrencyCode":"","_EventCurrencyPosition":"","_EventDateTimeSeparator":"","_EventTimeRangeSeparator":"","_EventOrganizerID":[],"_EventVenueID":[],"_OrganizerEmail":"","_OrganizerPhone":"","_OrganizerWebsite":"","_VenueAddress":"","_VenueCity":"","_VenueCountry":"","_VenueProvince":"","_VenueState":"","_VenueZip":"","_VenuePhone":"","_VenueURL":"","_VenueStateProvince":"","_VenueLat":"","_VenueLng":"","_VenueShowMap":false,"_VenueShowMapLink":false,"footnotes":""},"class_list":["post-70","page","type-page","status-publish","hentry"],"yoast_head":"<!-- This site is optimized with the Yoast SEO plugin v27.4 - https:\/\/yoast.com\/product\/yoast-seo-wordpress\/ -->\n<title>Talleres y formaci\u00f3n | Almealera<\/title>\n<meta name=\"description\" content=\"Hablamos de Teatro Aplicado y Teatro Social para referirnos a un abanico amplio de pr\u00e1cticas esc\u00e9nicas o art\u00edsticas que proponen procesos y creaciones no convencionales.\" \/>\n<meta name=\"robots\" content=\"index, follow, max-snippet:-1, max-image-preview:large, max-video-preview:-1\" \/>\n<link rel=\"canonical\" href=\"https:\/\/almealera.org\/index.php\/formacion\/\" \/>\n<meta property=\"og:locale\" content=\"es_ES\" \/>\n<meta property=\"og:type\" content=\"article\" \/>\n<meta property=\"og:title\" content=\"Talleres y formaci\u00f3n | Almealera\" \/>\n<meta property=\"og:description\" content=\"Hablamos de Teatro Aplicado y Teatro Social para referirnos a un abanico amplio de pr\u00e1cticas esc\u00e9nicas o art\u00edsticas que proponen procesos y creaciones no convencionales.\" \/>\n<meta property=\"og:url\" content=\"https:\/\/almealera.org\/index.php\/formacion\/\" \/>\n<meta property=\"og:site_name\" content=\"Almealera\" \/>\n<meta property=\"article:modified_time\" content=\"2024-04-16T22:16:42+00:00\" \/>\n<meta property=\"og:image\" content=\"https:\/\/almealera.org\/wp-content\/uploads\/2023\/12\/cropped-Almealera_negro_centrado.png\" \/>\n\t<meta property=\"og:image:width\" content=\"512\" \/>\n\t<meta property=\"og:image:height\" content=\"512\" \/>\n\t<meta property=\"og:image:type\" content=\"image\/png\" \/>\n<meta name=\"twitter:card\" content=\"summary_large_image\" \/>\n<meta name=\"twitter:label1\" content=\"Tiempo de lectura\" \/>\n\t<meta name=\"twitter:data1\" content=\"6 minutos\" \/>\n<script type=\"application\/ld+json\" class=\"yoast-schema-graph\">{\"@context\":\"https:\\\/\\\/schema.org\",\"@graph\":[{\"@type\":[\"WebPage\",\"ItemPage\"],\"@id\":\"https:\\\/\\\/almealera.org\\\/index.php\\\/formacion\\\/\",\"url\":\"https:\\\/\\\/almealera.org\\\/index.php\\\/formacion\\\/\",\"name\":\"Talleres y formaci\u00f3n | Almealera\",\"isPartOf\":{\"@id\":\"https:\\\/\\\/almealera.org\\\/#website\"},\"datePublished\":\"2023-12-04T10:10:03+00:00\",\"dateModified\":\"2024-04-16T22:16:42+00:00\",\"description\":\"Hablamos de Teatro Aplicado y Teatro Social para referirnos a un abanico amplio de pr\u00e1cticas esc\u00e9nicas o art\u00edsticas que proponen procesos y creaciones no convencionales.\",\"breadcrumb\":{\"@id\":\"https:\\\/\\\/almealera.org\\\/index.php\\\/formacion\\\/#breadcrumb\"},\"inLanguage\":\"es\",\"potentialAction\":[{\"@type\":\"ReadAction\",\"target\":[\"https:\\\/\\\/almealera.org\\\/index.php\\\/formacion\\\/\"]}]},{\"@type\":\"BreadcrumbList\",\"@id\":\"https:\\\/\\\/almealera.org\\\/index.php\\\/formacion\\\/#breadcrumb\",\"itemListElement\":[{\"@type\":\"ListItem\",\"position\":1,\"name\":\"Inicio\",\"item\":\"https:\\\/\\\/almealera.org\\\/\"},{\"@type\":\"ListItem\",\"position\":2,\"name\":\"Talleres y formaci\u00f3n\"}]},{\"@type\":\"WebSite\",\"@id\":\"https:\\\/\\\/almealera.org\\\/#website\",\"url\":\"https:\\\/\\\/almealera.org\\\/\",\"name\":\"Almealera\",\"description\":\"almealera [construcci\u00f3n circular de piedra que sirve para guardar el heno] Es una iniciativa de creaci\u00f3n art\u00edstica con y desde las comunidades y los territorios, impulsada por Laura Santos en Navacepedilla de Corneja, \u00c1vila, y se mueve en territorios rurales y urbanos.\",\"publisher\":{\"@id\":\"https:\\\/\\\/almealera.org\\\/#organization\"},\"potentialAction\":[{\"@type\":\"SearchAction\",\"target\":{\"@type\":\"EntryPoint\",\"urlTemplate\":\"https:\\\/\\\/almealera.org\\\/?s={search_term_string}\"},\"query-input\":{\"@type\":\"PropertyValueSpecification\",\"valueRequired\":true,\"valueName\":\"search_term_string\"}}],\"inLanguage\":\"es\"},{\"@type\":\"Organization\",\"@id\":\"https:\\\/\\\/almealera.org\\\/#organization\",\"name\":\"Almealera\",\"url\":\"https:\\\/\\\/almealera.org\\\/\",\"logo\":{\"@type\":\"ImageObject\",\"inLanguage\":\"es\",\"@id\":\"https:\\\/\\\/almealera.org\\\/#\\\/schema\\\/logo\\\/image\\\/\",\"url\":\"https:\\\/\\\/almealera.org\\\/wp-content\\\/uploads\\\/2023\\\/12\\\/Almealera_negro_centrado.png\",\"contentUrl\":\"https:\\\/\\\/almealera.org\\\/wp-content\\\/uploads\\\/2023\\\/12\\\/Almealera_negro_centrado.png\",\"width\":1920,\"height\":1081,\"caption\":\"Almealera\"},\"image\":{\"@id\":\"https:\\\/\\\/almealera.org\\\/#\\\/schema\\\/logo\\\/image\\\/\"},\"sameAs\":[\"https:\\\/\\\/www.instagram.com\\\/almealera\\\/\"]}]}<\/script>\n<!-- \/ Yoast SEO plugin. -->","yoast_head_json":{"title":"Talleres y formaci\u00f3n | Almealera","description":"Hablamos de Teatro Aplicado y Teatro Social para referirnos a un abanico amplio de pr\u00e1cticas esc\u00e9nicas o art\u00edsticas que proponen procesos y creaciones no convencionales.","robots":{"index":"index","follow":"follow","max-snippet":"max-snippet:-1","max-image-preview":"max-image-preview:large","max-video-preview":"max-video-preview:-1"},"canonical":"https:\/\/almealera.org\/index.php\/formacion\/","og_locale":"es_ES","og_type":"article","og_title":"Talleres y formaci\u00f3n | Almealera","og_description":"Hablamos de Teatro Aplicado y Teatro Social para referirnos a un abanico amplio de pr\u00e1cticas esc\u00e9nicas o art\u00edsticas que proponen procesos y creaciones no convencionales.","og_url":"https:\/\/almealera.org\/index.php\/formacion\/","og_site_name":"Almealera","article_modified_time":"2024-04-16T22:16:42+00:00","og_image":[{"width":512,"height":512,"url":"https:\/\/almealera.org\/wp-content\/uploads\/2023\/12\/cropped-Almealera_negro_centrado.png","type":"image\/png"}],"twitter_card":"summary_large_image","twitter_misc":{"Tiempo de lectura":"6 minutos"},"schema":{"@context":"https:\/\/schema.org","@graph":[{"@type":["WebPage","ItemPage"],"@id":"https:\/\/almealera.org\/index.php\/formacion\/","url":"https:\/\/almealera.org\/index.php\/formacion\/","name":"Talleres y formaci\u00f3n | Almealera","isPartOf":{"@id":"https:\/\/almealera.org\/#website"},"datePublished":"2023-12-04T10:10:03+00:00","dateModified":"2024-04-16T22:16:42+00:00","description":"Hablamos de Teatro Aplicado y Teatro Social para referirnos a un abanico amplio de pr\u00e1cticas esc\u00e9nicas o art\u00edsticas que proponen procesos y creaciones no convencionales.","breadcrumb":{"@id":"https:\/\/almealera.org\/index.php\/formacion\/#breadcrumb"},"inLanguage":"es","potentialAction":[{"@type":"ReadAction","target":["https:\/\/almealera.org\/index.php\/formacion\/"]}]},{"@type":"BreadcrumbList","@id":"https:\/\/almealera.org\/index.php\/formacion\/#breadcrumb","itemListElement":[{"@type":"ListItem","position":1,"name":"Inicio","item":"https:\/\/almealera.org\/"},{"@type":"ListItem","position":2,"name":"Talleres y formaci\u00f3n"}]},{"@type":"WebSite","@id":"https:\/\/almealera.org\/#website","url":"https:\/\/almealera.org\/","name":"Almealera","description":"almealera [construcci\u00f3n circular de piedra que sirve para guardar el heno] Es una iniciativa de creaci\u00f3n art\u00edstica con y desde las comunidades y los territorios, impulsada por Laura Santos en Navacepedilla de Corneja, \u00c1vila, y se mueve en territorios rurales y urbanos.","publisher":{"@id":"https:\/\/almealera.org\/#organization"},"potentialAction":[{"@type":"SearchAction","target":{"@type":"EntryPoint","urlTemplate":"https:\/\/almealera.org\/?s={search_term_string}"},"query-input":{"@type":"PropertyValueSpecification","valueRequired":true,"valueName":"search_term_string"}}],"inLanguage":"es"},{"@type":"Organization","@id":"https:\/\/almealera.org\/#organization","name":"Almealera","url":"https:\/\/almealera.org\/","logo":{"@type":"ImageObject","inLanguage":"es","@id":"https:\/\/almealera.org\/#\/schema\/logo\/image\/","url":"https:\/\/almealera.org\/wp-content\/uploads\/2023\/12\/Almealera_negro_centrado.png","contentUrl":"https:\/\/almealera.org\/wp-content\/uploads\/2023\/12\/Almealera_negro_centrado.png","width":1920,"height":1081,"caption":"Almealera"},"image":{"@id":"https:\/\/almealera.org\/#\/schema\/logo\/image\/"},"sameAs":["https:\/\/www.instagram.com\/almealera\/"]}]}},"_links":{"self":[{"href":"https:\/\/almealera.org\/index.php\/wp-json\/wp\/v2\/pages\/70","targetHints":{"allow":["GET"]}}],"collection":[{"href":"https:\/\/almealera.org\/index.php\/wp-json\/wp\/v2\/pages"}],"about":[{"href":"https:\/\/almealera.org\/index.php\/wp-json\/wp\/v2\/types\/page"}],"author":[{"embeddable":true,"href":"https:\/\/almealera.org\/index.php\/wp-json\/wp\/v2\/users\/1"}],"replies":[{"embeddable":true,"href":"https:\/\/almealera.org\/index.php\/wp-json\/wp\/v2\/comments?post=70"}],"version-history":[{"count":184,"href":"https:\/\/almealera.org\/index.php\/wp-json\/wp\/v2\/pages\/70\/revisions"}],"predecessor-version":[{"id":1908,"href":"https:\/\/almealera.org\/index.php\/wp-json\/wp\/v2\/pages\/70\/revisions\/1908"}],"wp:attachment":[{"href":"https:\/\/almealera.org\/index.php\/wp-json\/wp\/v2\/media?parent=70"}],"curies":[{"name":"wp","href":"https:\/\/api.w.org\/{rel}","templated":true}]}}